{"id":32,"date":"2021-01-25T12:04:53","date_gmt":"2021-01-25T12:04:53","guid":{"rendered":"http:\/\/localhost:8888\/guenther\/?page_id=32"},"modified":"2021-06-07T16:47:27","modified_gmt":"2021-06-07T14:47:27","slug":"essbare-stadt","status":"publish","type":"page","link":"https:\/\/verein-guenter.at\/essbare-stadt\/essbare-stadt\/","title":{"rendered":"Essbare Stadt"},"content":{"rendered":"","protected":false},"excerpt":{"rendered":"","protected":false},"author":1,"featured_media":0,"parent":0,"menu_order":5,"comment_status":"closed","ping_status":"closed","template":"","meta":[],"class_list":["post-32","page","type-page","status-publish","hentry"],"grid":"{\r\n  \"colCount\": 10,\r\n  \"colGutter\": 1,\r\n  \"rowGutters\": [\r\n    5,\r\n    5,\r\n    5,\r\n    5,\r\n    5,\r\n    5\r\n  ],\r\n  \"frameMargin\": 6,\r\n  \"topFrameMargin\": 16,\r\n  \"bottomFrameMargin\": 5,\r\n  \"rowAttrs\": [\r\n    {},\r\n    {},\r\n    {},\r\n    {},\r\n    {},\r\n    {},\r\n    {}\r\n  ],\r\n  \"bgColor\": null,\r\n  \"cont\": [\r\n    {\r\n      \"type\": \"img\",\r\n      \"cont\": \"http:\/\/verein-guenter.at\/essbare-stadt\/wp-content\/uploads\/2021\/06\/Gunther_Pfarrers_Bunt_005-2048x1366-Titel.jpg\",\r\n      \"align\": \"middle\",\r\n      \"row\": 0,\r\n      \"col\": 0,\r\n      \"colspan\": 10,\r\n      \"offsetx\": 0,\r\n      \"offsety\": 0,\r\n      \"spaceabove\": 0,\r\n      \"spacebelow\": 0,\r\n      \"yvel\": 1,\r\n      \"push\": 0,\r\n      \"relid\": 325,\r\n      \"attid\": 286,\r\n      \"sizes\": {\r\n        \"full\": \"http:\/\/verein-guenter.at\/essbare-stadt\/wp-content\/uploads\/2021\/06\/Gunther_Pfarrers_Bunt_005-2048x1366-Titel.jpg\",\r\n        \"_1920\": \"http:\/\/verein-guenter.at\/essbare-stadt\/wp-content\/uploads\/2021\/06\/Gunther_Pfarrers_Bunt_005-2048x1366-Titel-1920x1281.jpg\",\r\n        \"_1280\": \"http:\/\/verein-guenter.at\/essbare-stadt\/wp-content\/uploads\/2021\/06\/Gunther_Pfarrers_Bunt_005-2048x1366-Titel-1280x854.jpg\",\r\n        \"_1024\": \"http:\/\/verein-guenter.at\/essbare-stadt\/wp-content\/uploads\/2021\/06\/Gunther_Pfarrers_Bunt_005-2048x1366-Titel-1024x683.jpg\",\r\n        \"_768\": \"http:\/\/verein-guenter.at\/essbare-stadt\/wp-content\/uploads\/2021\/06\/Gunther_Pfarrers_Bunt_005-2048x1366-Titel-768x512.jpg\",\r\n        \"_512\": \"http:\/\/verein-guenter.at\/essbare-stadt\/wp-content\/uploads\/2021\/06\/Gunther_Pfarrers_Bunt_005-2048x1366-Titel-512x342.jpg\",\r\n        \"_265\": \"http:\/\/verein-guenter.at\/essbare-stadt\/wp-content\/uploads\/2021\/06\/Gunther_Pfarrers_Bunt_005-2048x1366-Titel-265x177.jpg\"\r\n      },\r\n      \"w\": 2048,\r\n      \"h\": 1366,\r\n      \"ar\": 0.6669921875,\r\n      \"alt\": \"\",\r\n      \"dosync\": false\r\n    },\r\n    {\r\n      \"type\": \"stack\",\r\n      \"cont\": [\r\n        {\r\n          \"type\": \"text\",\r\n          \"cont\": \"<p class=\\\"_Ueberschrift\\\"><span>Die Essbare Stadt Dornbirn <\/span><span>bringt Vielfalt in die Stadt<\/span><\/p>\",\r\n          \"align\": \"top\",\r\n          \"row\": -1,\r\n          \"col\": 1,\r\n          \"colspan\": 4,\r\n          \"offsetx\": 0,\r\n          \"offsety\": 0,\r\n          \"spaceabove\": 0,\r\n          \"spacebelow\": 0,\r\n          \"yvel\": 1,\r\n          \"push\": 1,\r\n          \"relid\": 1196,\r\n          \"dosync\": false\r\n        },\r\n        {\r\n          \"type\": \"img\",\r\n          \"cont\": \"http:\/\/verein-guenter.at\/essbare-stadt\/wp-content\/uploads\/2021\/03\/2.png\",\r\n          \"align\": \"middle\",\r\n          \"row\": -1,\r\n          \"col\": 0,\r\n          \"colspan\": 5,\r\n          \"offsetx\": 0,\r\n          \"offsety\": 0,\r\n          \"spaceabove\": 1,\r\n          \"spacebelow\": 0,\r\n          \"yvel\": 1,\r\n          \"push\": 0,\r\n          \"relid\": 482,\r\n          \"attid\": 226,\r\n          \"sizes\": {\r\n            \"full\": \"http:\/\/verein-guenter.at\/essbare-stadt\/wp-content\/uploads\/2021\/03\/2.png\",\r\n            \"_1024\": \"http:\/\/verein-guenter.at\/essbare-stadt\/wp-content\/uploads\/2021\/03\/2-1024x1024.png\",\r\n            \"_768\": \"http:\/\/verein-guenter.at\/essbare-stadt\/wp-content\/uploads\/2021\/03\/2-768x768.png\",\r\n            \"_512\": \"http:\/\/verein-guenter.at\/essbare-stadt\/wp-content\/uploads\/2021\/03\/2-512x512.png\",\r\n            \"_265\": \"http:\/\/verein-guenter.at\/essbare-stadt\/wp-content\/uploads\/2021\/03\/2-265x265.png\"\r\n          },\r\n          \"w\": 1200,\r\n          \"h\": 1200,\r\n          \"ar\": 1,\r\n          \"alt\": \"\",\r\n          \"dosync\": false\r\n        }\r\n      ],\r\n      \"align\": \"top\",\r\n      \"row\": 1,\r\n      \"col\": 0,\r\n      \"colspan\": 6,\r\n      \"offsetx\": 2.6,\r\n      \"offsety\": 0,\r\n      \"spaceabove\": 0.9,\r\n      \"spacebelow\": 0,\r\n      \"yvel\": 1,\r\n      \"push\": 0,\r\n      \"relid\": 483,\r\n      \"frameOverflow\": \"\"\r\n    },\r\n    {\r\n      \"type\": \"text\",\r\n      \"cont\": \"<p class=\\\"_Fliesstext\\\">Eine B\u00fcrgerinitiative, die sich zum Ziel gesetzt hat, Dornbirns \u00f6ffentliche, ungenutzte Fl\u00e4chen nach dem Konzept der Essbaren St\u00e4dte und unter biologischer Bewirtschaftung aufbl\u00fchen und essbar werden zu lassen, sie ihrem Potenzial nach St\u00fcck f\u00fcr St\u00fcck in einen lebendigen und erlebbaren Ort f\u00fcr Dornbirns Bewohner- und BesucherInnen zu verwandeln und damit auch einen Beitrag zur Erhaltung der Insekten- und Vogelwelt zu leisten.<\/p><p class=\\\"_Fliesstext\\\">In Kooperation mit der Stadt Dornbirn und verschiedensten Institutionen ist ein Pilotgarten entstanden, der zum Mitmachen f\u00fcr Alle einl\u00e4dt und von Allen bewerkelt und beerntet werden darf. Schulklassen, Kindergarten- &amp; Spielgruppen haben die M\u00f6glichkeit, Hochbeetpatenschaften zu \u00fcbernehmen, selbst anzus\u00e4en, zu pflegen und zu ernten. <br \/>Mit dem Pilotgarten der Essbaren Stadt Dornbirn wurde ein Ort geschaffen, welcher im Zuge von Exkursionen &amp; Workshops von den verschiedensten Institutionen, Schulen &amp; Kinderbetreuungen zu den verschiedensten Themenbereichen erlebbar gemacht werden kann \u2013 ein Ort, der ein Lernen und Erfahren mit allen Sinnen erm\u00f6glicht, der zum Experimentieren und Erforschen, zum Verweilen in wohltuender Atmosph\u00e4re, einl\u00e4dt.<\/p>\",\r\n      \"align\": \"middle\",\r\n      \"row\": 1,\r\n      \"col\": 6,\r\n      \"colspan\": 4,\r\n      \"offsetx\": -1,\r\n      \"offsety\": 0,\r\n      \"spaceabove\": 4.3,\r\n      \"spacebelow\": 0,\r\n      \"yvel\": 1,\r\n      \"push\": 0,\r\n      \"relid\": 272,\r\n      \"frameOverflow\": \"\",\r\n      \"dosync\": false\r\n    },\r\n    {\r\n      \"type\": \"img\",\r\n      \"cont\": \"http:\/\/verein-guenter.at\/essbare-stadt\/wp-content\/uploads\/2021\/03\/Gunther_Pfarrers_Bunt_001.jpg\",\r\n      \"align\": \"middle\",\r\n      \"row\": 2,\r\n      \"col\": 2,\r\n      \"colspan\": 6,\r\n      \"offsetx\": 0,\r\n      \"offsety\": 0,\r\n      \"spaceabove\": 0,\r\n      \"spacebelow\": 0,\r\n      \"yvel\": 1,\r\n      \"push\": 2,\r\n      \"relid\": 926,\r\n      \"attid\": 251,\r\n      \"sizes\": {\r\n        \"full\": \"http:\/\/verein-guenter.at\/essbare-stadt\/wp-content\/uploads\/2021\/03\/Gunther_Pfarrers_Bunt_001.jpg\",\r\n        \"_1920\": \"http:\/\/verein-guenter.at\/essbare-stadt\/wp-content\/uploads\/2021\/03\/Gunther_Pfarrers_Bunt_001-1920x1280.jpg\",\r\n        \"_1280\": \"http:\/\/verein-guenter.at\/essbare-stadt\/wp-content\/uploads\/2021\/03\/Gunther_Pfarrers_Bunt_001-1280x854.jpg\",\r\n        \"_1024\": \"http:\/\/verein-guenter.at\/essbare-stadt\/wp-content\/uploads\/2021\/03\/Gunther_Pfarrers_Bunt_001-1024x683.jpg\",\r\n        \"_768\": \"http:\/\/verein-guenter.at\/essbare-stadt\/wp-content\/uploads\/2021\/03\/Gunther_Pfarrers_Bunt_001-768x512.jpg\",\r\n        \"_512\": \"http:\/\/verein-guenter.at\/essbare-stadt\/wp-content\/uploads\/2021\/03\/Gunther_Pfarrers_Bunt_001-512x341.jpg\",\r\n        \"_265\": \"http:\/\/verein-guenter.at\/essbare-stadt\/wp-content\/uploads\/2021\/03\/Gunther_Pfarrers_Bunt_001-265x177.jpg\"\r\n      },\r\n      \"w\": 2500,\r\n      \"h\": 1667,\r\n      \"ar\": 0.6668,\r\n      \"alt\": \"\",\r\n      \"dosync\": false\r\n    },\r\n    {\r\n      \"type\": \"img\",\r\n      \"cont\": \"http:\/\/verein-guenter.at\/essbare-stadt\/wp-content\/uploads\/2021\/03\/1.png\",\r\n      \"align\": \"bottom\",\r\n      \"row\": 3,\r\n      \"col\": 2,\r\n      \"colspan\": 3,\r\n      \"offsetx\": 0,\r\n      \"offsety\": 0,\r\n      \"spaceabove\": 0,\r\n      \"spacebelow\": 0,\r\n      \"yvel\": 1,\r\n      \"push\": 2,\r\n      \"relid\": 131,\r\n      \"attid\": 232,\r\n      \"sizes\": {\r\n        \"full\": \"http:\/\/verein-guenter.at\/essbare-stadt\/wp-content\/uploads\/2021\/03\/1.png\",\r\n        \"_1024\": \"http:\/\/verein-guenter.at\/essbare-stadt\/wp-content\/uploads\/2021\/03\/1-1024x1024.png\",\r\n        \"_768\": \"http:\/\/verein-guenter.at\/essbare-stadt\/wp-content\/uploads\/2021\/03\/1-768x768.png\",\r\n        \"_512\": \"http:\/\/verein-guenter.at\/essbare-stadt\/wp-content\/uploads\/2021\/03\/1-512x512.png\",\r\n        \"_265\": \"http:\/\/verein-guenter.at\/essbare-stadt\/wp-content\/uploads\/2021\/03\/1-265x265.png\"\r\n      },\r\n      \"w\": 1200,\r\n      \"h\": 1200,\r\n      \"ar\": 1,\r\n      \"alt\": \"\",\r\n      \"frameOverflow\": \"\",\r\n      \"dosync\": false\r\n    },\r\n    {\r\n      \"type\": \"img\",\r\n      \"cont\": \"http:\/\/verein-guenter.at\/essbare-stadt\/wp-content\/uploads\/2021\/03\/Gunther_Pfarrers_Bunt_010.jpg\",\r\n      \"align\": \"middle\",\r\n      \"row\": 3,\r\n      \"col\": 5,\r\n      \"colspan\": 4,\r\n      \"offsetx\": 2,\r\n      \"offsety\": 0,\r\n      \"spaceabove\": 0,\r\n      \"spacebelow\": 2,\r\n      \"yvel\": 1,\r\n      \"push\": 0,\r\n      \"relid\": 1029,\r\n      \"attid\": 249,\r\n      \"sizes\": {\r\n        \"full\": \"http:\/\/verein-guenter.at\/essbare-stadt\/wp-content\/uploads\/2021\/03\/Gunther_Pfarrers_Bunt_010.jpg\",\r\n        \"_1920\": \"http:\/\/verein-guenter.at\/essbare-stadt\/wp-content\/uploads\/2021\/03\/Gunther_Pfarrers_Bunt_010-1920x1280.jpg\",\r\n        \"_1280\": \"http:\/\/verein-guenter.at\/essbare-stadt\/wp-content\/uploads\/2021\/03\/Gunther_Pfarrers_Bunt_010-1280x854.jpg\",\r\n        \"_1024\": \"http:\/\/verein-guenter.at\/essbare-stadt\/wp-content\/uploads\/2021\/03\/Gunther_Pfarrers_Bunt_010-1024x683.jpg\",\r\n        \"_768\": \"http:\/\/verein-guenter.at\/essbare-stadt\/wp-content\/uploads\/2021\/03\/Gunther_Pfarrers_Bunt_010-768x512.jpg\",\r\n        \"_512\": \"http:\/\/verein-guenter.at\/essbare-stadt\/wp-content\/uploads\/2021\/03\/Gunther_Pfarrers_Bunt_010-512x341.jpg\",\r\n        \"_265\": \"http:\/\/verein-guenter.at\/essbare-stadt\/wp-content\/uploads\/2021\/03\/Gunther_Pfarrers_Bunt_010-265x177.jpg\"\r\n      },\r\n      \"w\": 2500,\r\n      \"h\": 1667,\r\n      \"ar\": 0.6668,\r\n      \"alt\": \"\",\r\n      \"dosync\": false\r\n    },\r\n    {\r\n      \"type\": \"img\",\r\n      \"cont\": \"http:\/\/verein-guenter.at\/essbare-stadt\/wp-content\/uploads\/2021\/04\/120_0210-1.jpg\",\r\n      \"align\": \"middle\",\r\n      \"row\": 4,\r\n      \"col\": 1,\r\n      \"colspan\": 4,\r\n      \"offsetx\": -2,\r\n      \"offsety\": 0,\r\n      \"spaceabove\": 2,\r\n      \"spacebelow\": 0,\r\n      \"yvel\": 1,\r\n      \"push\": 1,\r\n      \"relid\": 1028,\r\n      \"attid\": 265,\r\n      \"sizes\": {\r\n        \"full\": \"http:\/\/verein-guenter.at\/essbare-stadt\/wp-content\/uploads\/2021\/04\/120_0210-1.jpg\",\r\n        \"_2560\": \"http:\/\/verein-guenter.at\/essbare-stadt\/wp-content\/uploads\/2021\/04\/120_0210-1-2560x1711.jpg\",\r\n        \"_1920\": \"http:\/\/verein-guenter.at\/essbare-stadt\/wp-content\/uploads\/2021\/04\/120_0210-1-1920x1283.jpg\",\r\n        \"_1280\": \"http:\/\/verein-guenter.at\/essbare-stadt\/wp-content\/uploads\/2021\/04\/120_0210-1-1280x856.jpg\",\r\n        \"_1024\": \"http:\/\/verein-guenter.at\/essbare-stadt\/wp-content\/uploads\/2021\/04\/120_0210-1-1024x684.jpg\",\r\n        \"_768\": \"http:\/\/verein-guenter.at\/essbare-stadt\/wp-content\/uploads\/2021\/04\/120_0210-1-768x513.jpg\",\r\n        \"_512\": \"http:\/\/verein-guenter.at\/essbare-stadt\/wp-content\/uploads\/2021\/04\/120_0210-1-512x342.jpg\",\r\n        \"_265\": \"http:\/\/verein-guenter.at\/essbare-stadt\/wp-content\/uploads\/2021\/04\/120_0210-1-265x177.jpg\"\r\n      },\r\n      \"w\": 2992,\r\n      \"h\": 2000,\r\n      \"ar\": 0.66844919786096,\r\n      \"alt\": \"\",\r\n      \"dosync\": false\r\n    },\r\n    {\r\n      \"type\": \"text\",\r\n      \"cont\": \"<p class=\\\"_Fliesstext\\\"><span>Im Kulturhauspark ist der erste \u00f6ffentliche Garten der Essbaren Stadt Dornbirn durch viele ehrenamtliche Arbeitsstunden von einem Kernteam und vielen flei\u00dfigen H\u00e4nden aus der Bev\u00f6lkerung entstanden. Die Vision ist es, von diesem ausgehend nach und nach ein Netz an vielen kleinen essbaren und bl\u00fchenden Fl\u00e4chen entstehen zu lassen, die von einzelnen Gemeinschaften bewirtschaftet werden k\u00f6nnen.<\/span><\/p>\",\r\n      \"align\": \"middle\",\r\n      \"row\": 4,\r\n      \"col\": 6,\r\n      \"colspan\": 4,\r\n      \"offsetx\": 0,\r\n      \"offsety\": 0,\r\n      \"spaceabove\": 0,\r\n      \"spacebelow\": 0,\r\n      \"yvel\": 1,\r\n      \"push\": 1,\r\n      \"relid\": 5,\r\n      \"dosync\": false\r\n    },\r\n    {\r\n      \"type\": \"text\",\r\n      \"cont\": \"<p class=\\\"_Ueberschrift\\\">Du willst mehr\u00a0<br \/>dar\u00fcber erfahren?<br \/>Dann nimm doch<br \/>Kontakt auf<\/p>\",\r\n      \"align\": \"middle\",\r\n      \"row\": 5,\r\n      \"col\": 1,\r\n      \"colspan\": 4,\r\n      \"offsetx\": -2,\r\n      \"offsety\": 0,\r\n      \"spaceabove\": 0,\r\n      \"spacebelow\": 0,\r\n      \"yvel\": 1,\r\n      \"push\": 1,\r\n      \"relid\": 273,\r\n      \"dosync\": false\r\n    },\r\n    {\r\n      \"type\": \"stack\",\r\n      \"cont\": [\r\n        {\r\n          \"type\": \"img\",\r\n          \"cont\": \"http:\/\/verein-guenter.at\/essbare-stadt\/wp-content\/uploads\/2021\/04\/Lucia.png\",\r\n          \"align\": \"middle\",\r\n          \"row\": -1,\r\n          \"col\": 1,\r\n          \"colspan\": 3,\r\n          \"offsetx\": 0,\r\n          \"offsety\": 0,\r\n          \"spaceabove\": 0,\r\n          \"spacebelow\": 0,\r\n          \"yvel\": 1,\r\n          \"push\": 1,\r\n          \"relid\": 937,\r\n          \"attid\": 267,\r\n          \"sizes\": {\r\n            \"full\": \"http:\/\/verein-guenter.at\/essbare-stadt\/wp-content\/uploads\/2021\/04\/Lucia.png\",\r\n            \"_768\": \"http:\/\/verein-guenter.at\/essbare-stadt\/wp-content\/uploads\/2021\/04\/Lucia-768x732.png\",\r\n            \"_512\": \"http:\/\/verein-guenter.at\/essbare-stadt\/wp-content\/uploads\/2021\/04\/Lucia-512x488.png\",\r\n            \"_265\": \"http:\/\/verein-guenter.at\/essbare-stadt\/wp-content\/uploads\/2021\/04\/Lucia-265x253.png\"\r\n          },\r\n          \"w\": 978,\r\n          \"h\": 932,\r\n          \"ar\": 0.95296523517382,\r\n          \"alt\": \"\",\r\n          \"dosync\": false\r\n        },\r\n        {\r\n          \"type\": \"text\",\r\n          \"cont\": \"<p>\u00a0<\/p><p class=\\\"_Fliesstext\\\" style=\\\"text-align: center;\\\"><span>Koordinatorin<br \/><\/span><span>Lucia Emerich-R\u00fcdisser<\/span><\/p><p class=\\\"_Fliesstext\\\" style=\\\"text-align: center;\\\">Kontakt<br \/><a href=\\\"mailto:essbarestadtdornbirn@verein-guenter.at\\\"><span>essbarestadtdornbirn@<\/span>verein-guenter.at<\/a><\/p>\",\r\n          \"align\": \"middle\",\r\n          \"row\": -1,\r\n          \"col\": 0,\r\n          \"colspan\": 5,\r\n          \"offsetx\": 0,\r\n          \"offsety\": 0,\r\n          \"spaceabove\": 0,\r\n          \"spacebelow\": 0,\r\n          \"yvel\": 1,\r\n          \"push\": 0,\r\n          \"relid\": 1197,\r\n          \"dosync\": false\r\n        }\r\n      ],\r\n      \"align\": \"middle\",\r\n      \"row\": 5,\r\n      \"col\": 5,\r\n      \"colspan\": 5,\r\n      \"offsetx\": 0,\r\n      \"offsety\": 0,\r\n      \"spaceabove\": 0,\r\n      \"spacebelow\": 0,\r\n      \"yvel\": 1,\r\n      \"push\": 0,\r\n      \"relid\": 805,\r\n      \"frameOverflow\": \"\"\r\n    },\r\n    {\r\n      \"type\": \"img\",\r\n      \"cont\": \"http:\/\/verein-guenter.at\/essbare-stadt\/wp-content\/uploads\/2021\/03\/Punkt-Kopie-e1611586935857.png\",\r\n      \"align\": \"middle\",\r\n      \"row\": 6,\r\n      \"col\": 2,\r\n      \"colspan\": 2,\r\n      \"offsetx\": 0,\r\n      \"offsety\": 0,\r\n      \"spaceabove\": 0,\r\n      \"spacebelow\": 0,\r\n      \"yvel\": 1,\r\n      \"push\": 2,\r\n      \"relid\": 130,\r\n      \"attid\": 244,\r\n      \"sizes\": {\r\n        \"full\": \"http:\/\/verein-guenter.at\/essbare-stadt\/wp-content\/uploads\/2021\/03\/Punkt-Kopie-e1611586935857.png\"\r\n      },\r\n      \"w\": 219,\r\n      \"h\": 214,\r\n      \"ar\": 0.97716894977169,\r\n      \"alt\": \"\",\r\n      \"dosync\": false\r\n    },\r\n    {\r\n      \"type\": \"text\",\r\n      \"cont\": \"<p class=\\\"_Fliesstext\\\"><span style=\\\"font-family: Proxima-Nova-Extrabold;\\\"><a href=\\\"https:\/\/verein-guenter.at\/essbare-stadt\/projekte\/\\\" data-type=\\\"page\\\" data-id=\\\"10\\\" data-title=\\\"Projekte\\\">zur\u00fcck zu den Projekte ...<\/a><\/span><\/p>\",\r\n      \"align\": \"middle\",\r\n      \"row\": 6,\r\n      \"col\": 5,\r\n      \"colspan\": 3,\r\n      \"offsetx\": 0,\r\n      \"offsety\": 0,\r\n      \"spaceabove\": 0,\r\n      \"spacebelow\": 0,\r\n      \"yvel\": 1,\r\n      \"push\": 1,\r\n      \"relid\": 4,\r\n      \"frameOverflow\": \"\",\r\n      \"dosync\": false\r\n    }\r\n  ]\r\n}","phonegrid":"{\r\n  \"colCount\": 12,\r\n  \"colGutter\": 1,\r\n  \"rowGutters\": [\r\n    5,\r\n    5,\r\n    5,\r\n    5,\r\n    5,\r\n    5,\r\n    5,\r\n    5,\r\n    10,\r\n    10,\r\n    5,\r\n    5,\r\n    10\r\n  ],\r\n  \"frameMargin\": 5,\r\n  \"topFrameMargin\": 5,\r\n  \"bottomFrameMargin\": 10,\r\n  \"rowAttrs\": [\r\n    {},\r\n    {},\r\n    {},\r\n    {},\r\n    {},\r\n    {},\r\n    {},\r\n    {},\r\n    {},\r\n    {},\r\n    {},\r\n    {},\r\n    {},\r\n    {}\r\n  ],\r\n  \"bgColor\": null,\r\n  \"cont\": [\r\n    {\r\n      \"type\": \"img\",\r\n      \"cont\": \"http:\/\/verein-guenter.at\/essbare-stadt\/wp-content\/uploads\/2021\/06\/Gunther_Pfarrers_Bunt_005-2048x1366-Titel.jpg\",\r\n      \"align\": \"bottom\",\r\n      \"row\": 0,\r\n      \"col\": 0,\r\n      \"colspan\": 12,\r\n      \"offsetx\": 0,\r\n      \"offsety\": 0,\r\n      \"spaceabove\": 0,\r\n      \"spacebelow\": 0,\r\n      \"yvel\": 1,\r\n      \"push\": 0,\r\n      \"relid\": 325,\r\n      \"attid\": 286,\r\n      \"sizes\": {\r\n        \"full\": \"http:\/\/verein-guenter.at\/essbare-stadt\/wp-content\/uploads\/2021\/06\/Gunther_Pfarrers_Bunt_005-2048x1366-Titel.jpg\",\r\n        \"_1920\": \"http:\/\/verein-guenter.at\/essbare-stadt\/wp-content\/uploads\/2021\/06\/Gunther_Pfarrers_Bunt_005-2048x1366-Titel-1920x1281.jpg\",\r\n        \"_1280\": \"http:\/\/verein-guenter.at\/essbare-stadt\/wp-content\/uploads\/2021\/06\/Gunther_Pfarrers_Bunt_005-2048x1366-Titel-1280x854.jpg\",\r\n        \"_1024\": \"http:\/\/verein-guenter.at\/essbare-stadt\/wp-content\/uploads\/2021\/06\/Gunther_Pfarrers_Bunt_005-2048x1366-Titel-1024x683.jpg\",\r\n        \"_768\": \"http:\/\/verein-guenter.at\/essbare-stadt\/wp-content\/uploads\/2021\/06\/Gunther_Pfarrers_Bunt_005-2048x1366-Titel-768x512.jpg\",\r\n        \"_512\": \"http:\/\/verein-guenter.at\/essbare-stadt\/wp-content\/uploads\/2021\/06\/Gunther_Pfarrers_Bunt_005-2048x1366-Titel-512x342.jpg\",\r\n        \"_265\": \"http:\/\/verein-guenter.at\/essbare-stadt\/wp-content\/uploads\/2021\/06\/Gunther_Pfarrers_Bunt_005-2048x1366-Titel-265x177.jpg\"\r\n      },\r\n      \"w\": 2048,\r\n      \"h\": 1366,\r\n      \"ar\": 0.6669921875,\r\n      \"alt\": \"\",\r\n      \"dosync\": false\r\n    },\r\n    {\r\n      \"type\": \"text\",\r\n      \"cont\": \"<p class=\\\"_Ueberschrift\\\"><span>Die Essbare Stadt Dornbirn <\/span><span>bringt Vielfalt in die Stadt<\/span><\/p>\",\r\n      \"align\": \"bottom\",\r\n      \"row\": 1,\r\n      \"col\": 0,\r\n      \"colspan\": 11,\r\n      \"offsetx\": 0,\r\n      \"offsety\": 0,\r\n      \"spaceabove\": 0,\r\n      \"spacebelow\": 0,\r\n      \"yvel\": 1,\r\n      \"push\": 0,\r\n      \"relid\": 1196,\r\n      \"dosync\": false,\r\n      \"frameOverflow\": \"\"\r\n    },\r\n    {\r\n      \"type\": \"text\",\r\n      \"cont\": \"<p class=\\\"_Fliesstext\\\">Eine B\u00fcrgerinitiative, die sich zum Ziel gesetzt hat, Dornbirns \u00f6ffentliche, ungenutzte Fl\u00e4chen nach dem Konzept der Essbaren St\u00e4dte und unter biologischer Bewirtschaftung aufbl\u00fchen und essbar werden zu lassen, sie ihrem Potenzial nach St\u00fcck f\u00fcr St\u00fcck in einen lebendigen und erlebbaren Ort f\u00fcr Dornbirns Bewohner- und BesucherInnen zu verwandeln und damit auch einen Beitrag zur Erhaltung der Insekten- und Vogelwelt zu leisten.<\/p>\",\r\n      \"align\": \"top\",\r\n      \"row\": 2,\r\n      \"col\": 0,\r\n      \"colspan\": 12,\r\n      \"offsetx\": 0,\r\n      \"offsety\": 0,\r\n      \"spaceabove\": 0,\r\n      \"spacebelow\": 0,\r\n      \"yvel\": 1,\r\n      \"push\": 0,\r\n      \"relid\": 6\r\n    },\r\n    {\r\n      \"type\": \"img\",\r\n      \"cont\": \"http:\/\/verein-guenter.at\/essbare-stadt\/wp-content\/uploads\/2021\/03\/Gunther_Pfarrers_Bunt_001.jpg\",\r\n      \"align\": \"bottom\",\r\n      \"row\": 3,\r\n      \"col\": 0,\r\n      \"colspan\": 12,\r\n      \"offsetx\": 0,\r\n      \"offsety\": 0,\r\n      \"spaceabove\": 0,\r\n      \"spacebelow\": 0,\r\n      \"yvel\": 1,\r\n      \"push\": 0,\r\n      \"relid\": 926,\r\n      \"attid\": 251,\r\n      \"sizes\": {\r\n        \"full\": \"http:\/\/verein-guenter.at\/essbare-stadt\/wp-content\/uploads\/2021\/03\/Gunther_Pfarrers_Bunt_001.jpg\",\r\n        \"_1920\": \"http:\/\/verein-guenter.at\/essbare-stadt\/wp-content\/uploads\/2021\/03\/Gunther_Pfarrers_Bunt_001-1920x1280.jpg\",\r\n        \"_1280\": \"http:\/\/verein-guenter.at\/essbare-stadt\/wp-content\/uploads\/2021\/03\/Gunther_Pfarrers_Bunt_001-1280x854.jpg\",\r\n        \"_1024\": \"http:\/\/verein-guenter.at\/essbare-stadt\/wp-content\/uploads\/2021\/03\/Gunther_Pfarrers_Bunt_001-1024x683.jpg\",\r\n        \"_768\": \"http:\/\/verein-guenter.at\/essbare-stadt\/wp-content\/uploads\/2021\/03\/Gunther_Pfarrers_Bunt_001-768x512.jpg\",\r\n        \"_512\": \"http:\/\/verein-guenter.at\/essbare-stadt\/wp-content\/uploads\/2021\/03\/Gunther_Pfarrers_Bunt_001-512x341.jpg\",\r\n        \"_265\": \"http:\/\/verein-guenter.at\/essbare-stadt\/wp-content\/uploads\/2021\/03\/Gunther_Pfarrers_Bunt_001-265x177.jpg\"\r\n      },\r\n      \"w\": 2500,\r\n      \"h\": 1667,\r\n      \"ar\": 0.6668,\r\n      \"alt\": \"\",\r\n      \"dosync\": false\r\n    },\r\n    {\r\n      \"type\": \"text\",\r\n      \"cont\": \"<p class=\\\"_Fliesstext\\\">In Kooperation mit der Stadt Dornbirn und verschiedensten Institutionen ist ein Pilotgarten entstanden, der zum Mitmachen f\u00fcr Alle einl\u00e4dt und von Allen bewerkelt und beerntet werden darf. Schulklassen, Kindergarten- &amp; Spielgruppen haben die M\u00f6glichkeit, Hochbeetpatenschaften zu \u00fcbernehmen, selbst anzus\u00e4en, zu pflegen und zu ernten.\u00a0<\/p>\",\r\n      \"align\": \"bottom\",\r\n      \"row\": 4,\r\n      \"col\": 0,\r\n      \"colspan\": 12,\r\n      \"offsetx\": 0,\r\n      \"offsety\": 0,\r\n      \"spaceabove\": 0,\r\n      \"spacebelow\": 0,\r\n      \"yvel\": 1,\r\n      \"push\": 0,\r\n      \"relid\": 272,\r\n      \"frameOverflow\": \"\",\r\n      \"dosync\": false\r\n    },\r\n    {\r\n      \"type\": \"img\",\r\n      \"cont\": \"http:\/\/verein-guenter.at\/essbare-stadt\/wp-content\/uploads\/2021\/03\/Gunther_Pfarrers_Bunt_010.jpg\",\r\n      \"align\": \"bottom\",\r\n      \"row\": 5,\r\n      \"col\": 0,\r\n      \"colspan\": 12,\r\n      \"offsetx\": 0,\r\n      \"offsety\": 0,\r\n      \"spaceabove\": 0,\r\n      \"spacebelow\": 0,\r\n      \"yvel\": 1,\r\n      \"push\": 0,\r\n      \"relid\": 1029,\r\n      \"attid\": 249,\r\n      \"sizes\": {\r\n        \"full\": \"http:\/\/verein-guenter.at\/essbare-stadt\/wp-content\/uploads\/2021\/03\/Gunther_Pfarrers_Bunt_010.jpg\",\r\n        \"_1920\": \"http:\/\/verein-guenter.at\/essbare-stadt\/wp-content\/uploads\/2021\/03\/Gunther_Pfarrers_Bunt_010-1920x1280.jpg\",\r\n        \"_1280\": \"http:\/\/verein-guenter.at\/essbare-stadt\/wp-content\/uploads\/2021\/03\/Gunther_Pfarrers_Bunt_010-1280x854.jpg\",\r\n        \"_1024\": \"http:\/\/verein-guenter.at\/essbare-stadt\/wp-content\/uploads\/2021\/03\/Gunther_Pfarrers_Bunt_010-1024x683.jpg\",\r\n        \"_768\": \"http:\/\/verein-guenter.at\/essbare-stadt\/wp-content\/uploads\/2021\/03\/Gunther_Pfarrers_Bunt_010-768x512.jpg\",\r\n        \"_512\": \"http:\/\/verein-guenter.at\/essbare-stadt\/wp-content\/uploads\/2021\/03\/Gunther_Pfarrers_Bunt_010-512x341.jpg\",\r\n        \"_265\": \"http:\/\/verein-guenter.at\/essbare-stadt\/wp-content\/uploads\/2021\/03\/Gunther_Pfarrers_Bunt_010-265x177.jpg\"\r\n      },\r\n      \"w\": 2500,\r\n      \"h\": 1667,\r\n      \"ar\": 0.6668,\r\n      \"alt\": \"\",\r\n      \"dosync\": false,\r\n      \"frameOverflow\": \"\"\r\n    },\r\n    {\r\n      \"type\": \"text\",\r\n      \"cont\": \"<p class=\\\"_Fliesstext\\\">Mit dem Pilotgarten der Essbaren Stadt Dornbirn wurde ein Ort geschaffen, welcher im Zuge von Exkursionen &amp; Workshops von den verschiedensten Institutionen, Schulen &amp; Kinderbetreuungen zu den verschiedensten Themenbereichen erlebbar gemacht werden kann \u2013 ein Ort, der ein Lernen und Erfahren mit allen Sinnen erm\u00f6glicht, der zum Experimentieren und Erforschen, zum Verweilen in wohltuender Atmosph\u00e4re, einl\u00e4dt.<\/p>\",\r\n      \"align\": \"top\",\r\n      \"row\": 6,\r\n      \"col\": 0,\r\n      \"colspan\": 12,\r\n      \"offsetx\": 0,\r\n      \"offsety\": 0,\r\n      \"spaceabove\": 0,\r\n      \"spacebelow\": 0,\r\n      \"yvel\": 1,\r\n      \"push\": 0,\r\n      \"relid\": 7\r\n    },\r\n    {\r\n      \"type\": \"img\",\r\n      \"cont\": \"http:\/\/verein-guenter.at\/essbare-stadt\/wp-content\/uploads\/2021\/04\/120_0210-1.jpg\",\r\n      \"align\": \"bottom\",\r\n      \"row\": 7,\r\n      \"col\": 0,\r\n      \"colspan\": 12,\r\n      \"offsetx\": 0,\r\n      \"offsety\": 0,\r\n      \"spaceabove\": 0,\r\n      \"spacebelow\": 0,\r\n      \"yvel\": 1,\r\n      \"push\": 0,\r\n      \"relid\": 1028,\r\n      \"attid\": 265,\r\n      \"sizes\": {\r\n        \"full\": \"http:\/\/verein-guenter.at\/essbare-stadt\/wp-content\/uploads\/2021\/04\/120_0210-1.jpg\",\r\n        \"_2560\": \"http:\/\/verein-guenter.at\/essbare-stadt\/wp-content\/uploads\/2021\/04\/120_0210-1-2560x1711.jpg\",\r\n        \"_1920\": \"http:\/\/verein-guenter.at\/essbare-stadt\/wp-content\/uploads\/2021\/04\/120_0210-1-1920x1283.jpg\",\r\n        \"_1280\": \"http:\/\/verein-guenter.at\/essbare-stadt\/wp-content\/uploads\/2021\/04\/120_0210-1-1280x856.jpg\",\r\n        \"_1024\": \"http:\/\/verein-guenter.at\/essbare-stadt\/wp-content\/uploads\/2021\/04\/120_0210-1-1024x684.jpg\",\r\n        \"_768\": \"http:\/\/verein-guenter.at\/essbare-stadt\/wp-content\/uploads\/2021\/04\/120_0210-1-768x513.jpg\",\r\n        \"_512\": \"http:\/\/verein-guenter.at\/essbare-stadt\/wp-content\/uploads\/2021\/04\/120_0210-1-512x342.jpg\",\r\n        \"_265\": \"http:\/\/verein-guenter.at\/essbare-stadt\/wp-content\/uploads\/2021\/04\/120_0210-1-265x177.jpg\"\r\n      },\r\n      \"w\": 2992,\r\n      \"h\": 2000,\r\n      \"ar\": 0.66844919786096,\r\n      \"alt\": \"\",\r\n      \"dosync\": false\r\n    },\r\n    {\r\n      \"type\": \"text\",\r\n      \"cont\": \"<p class=\\\"_Fliesstext\\\"><span>Im Kulturhauspark ist der erste \u00f6ffentliche Garten der Essbaren Stadt Dornbirn durch viele ehrenamtliche Arbeitsstunden von einem Kernteam und vielen flei\u00dfigen H\u00e4nden aus der Bev\u00f6lkerung entstanden. Die Vision ist es, von diesem ausgehend nach und nach ein Netz an vielen kleinen essbaren und bl\u00fchenden Fl\u00e4chen entstehen zu lassen, die von einzelnen Gemeinschaften bewirtschaftet werden k\u00f6nnen.<\/span><\/p>\",\r\n      \"align\": \"bottom\",\r\n      \"row\": 8,\r\n      \"col\": 0,\r\n      \"colspan\": 12,\r\n      \"offsetx\": 0,\r\n      \"offsety\": 0,\r\n      \"spaceabove\": 0,\r\n      \"spacebelow\": 0,\r\n      \"yvel\": 1,\r\n      \"push\": 0,\r\n      \"relid\": 5,\r\n      \"dosync\": false\r\n    },\r\n    {\r\n      \"type\": \"text\",\r\n      \"cont\": \"<p class=\\\"_Ueberschrift\\\">Du willst mehr\u00a0<br \/>dar\u00fcber erfahren?<br \/>Dann nimm doch<br \/>Kontakt auf<\/p>\",\r\n      \"align\": \"bottom\",\r\n      \"row\": 9,\r\n      \"col\": 0,\r\n      \"colspan\": 12,\r\n      \"offsetx\": 0,\r\n      \"offsety\": 0,\r\n      \"spaceabove\": 0,\r\n      \"spacebelow\": 0,\r\n      \"yvel\": 1,\r\n      \"push\": 0,\r\n      \"relid\": 273,\r\n      \"dosync\": false\r\n    },\r\n    {\r\n      \"type\": \"img\",\r\n      \"cont\": \"http:\/\/verein-guenter.at\/essbare-stadt\/wp-content\/uploads\/2021\/04\/Lucia.png\",\r\n      \"align\": \"middle\",\r\n      \"row\": 10,\r\n      \"col\": 1,\r\n      \"colspan\": 10,\r\n      \"offsetx\": 0,\r\n      \"offsety\": 0,\r\n      \"spaceabove\": 0,\r\n      \"spacebelow\": 0,\r\n      \"yvel\": 1,\r\n      \"push\": 1,\r\n      \"relid\": 937,\r\n      \"attid\": 267,\r\n      \"sizes\": {\r\n        \"full\": \"http:\/\/verein-guenter.at\/essbare-stadt\/wp-content\/uploads\/2021\/04\/Lucia.png\",\r\n        \"_768\": \"http:\/\/verein-guenter.at\/essbare-stadt\/wp-content\/uploads\/2021\/04\/Lucia-768x732.png\",\r\n        \"_512\": \"http:\/\/verein-guenter.at\/essbare-stadt\/wp-content\/uploads\/2021\/04\/Lucia-512x488.png\",\r\n        \"_265\": \"http:\/\/verein-guenter.at\/essbare-stadt\/wp-content\/uploads\/2021\/04\/Lucia-265x253.png\"\r\n      },\r\n      \"w\": 978,\r\n      \"h\": 932,\r\n      \"ar\": 0.95296523517382,\r\n      \"alt\": \"\",\r\n      \"dosync\": false\r\n    },\r\n    {\r\n      \"type\": \"text\",\r\n      \"cont\": \"<p class=\\\"_Fliesstext\\\" style=\\\"text-align: center;\\\"><span>Koordinatorin<br \/><\/span><span>Lucia Emerich-R\u00fcdisser<\/span><\/p><p class=\\\"_Fliesstext\\\" style=\\\"text-align: center;\\\">Kontakt<br \/><a href=\\\"mailto:essbarestadtdornbirn@verein-guenter.at\\\"><span>essbarestadtdornbirn@<\/span>verein-guenter.at<\/a><\/p>\",\r\n      \"align\": \"bottom\",\r\n      \"row\": 11,\r\n      \"col\": 0,\r\n      \"colspan\": 12,\r\n      \"offsetx\": 0,\r\n      \"offsety\": 0,\r\n      \"spaceabove\": 0,\r\n      \"spacebelow\": 0,\r\n      \"yvel\": 1,\r\n      \"push\": 0,\r\n      \"relid\": 1197,\r\n      \"dosync\": false\r\n    },\r\n    {\r\n      \"type\": \"img\",\r\n      \"cont\": \"http:\/\/verein-guenter.at\/essbare-stadt\/wp-content\/uploads\/2021\/03\/4.png\",\r\n      \"align\": \"top\",\r\n      \"row\": 12,\r\n      \"col\": 0,\r\n      \"colspan\": 6,\r\n      \"offsetx\": 15.2,\r\n      \"offsety\": -0.1,\r\n      \"spaceabove\": 0,\r\n      \"spacebelow\": 0,\r\n      \"yvel\": 1,\r\n      \"push\": 0,\r\n      \"relid\": 223,\r\n      \"attid\": 233,\r\n      \"sizes\": {\r\n        \"full\": \"http:\/\/verein-guenter.at\/essbare-stadt\/wp-content\/uploads\/2021\/03\/4.png\",\r\n        \"_1024\": \"http:\/\/verein-guenter.at\/essbare-stadt\/wp-content\/uploads\/2021\/03\/4-1024x1024.png\",\r\n        \"_768\": \"http:\/\/verein-guenter.at\/essbare-stadt\/wp-content\/uploads\/2021\/03\/4-768x768.png\",\r\n        \"_512\": \"http:\/\/verein-guenter.at\/essbare-stadt\/wp-content\/uploads\/2021\/03\/4-512x512.png\",\r\n        \"_265\": \"http:\/\/verein-guenter.at\/essbare-stadt\/wp-content\/uploads\/2021\/03\/4-265x265.png\"\r\n      },\r\n      \"w\": 1200,\r\n      \"h\": 1200,\r\n      \"ar\": 1,\r\n      \"alt\": \"\"\r\n    },\r\n    {\r\n      \"type\": \"img\",\r\n      \"cont\": \"http:\/\/verein-guenter.at\/essbare-stadt\/wp-content\/uploads\/2021\/03\/Punkt-Kopie-e1611586935857.png\",\r\n      \"align\": \"top\",\r\n      \"row\": 12,\r\n      \"col\": 6,\r\n      \"colspan\": 6,\r\n      \"offsetx\": -7.6,\r\n      \"offsety\": 4.3,\r\n      \"spaceabove\": 0,\r\n      \"spacebelow\": 0,\r\n      \"yvel\": 1,\r\n      \"push\": 0,\r\n      \"relid\": 130,\r\n      \"attid\": 244,\r\n      \"sizes\": {\r\n        \"full\": \"http:\/\/verein-guenter.at\/essbare-stadt\/wp-content\/uploads\/2021\/03\/Punkt-Kopie-e1611586935857.png\"\r\n      },\r\n      \"w\": 219,\r\n      \"h\": 214,\r\n      \"ar\": 0.97716894977169,\r\n      \"alt\": \"\",\r\n      \"dosync\": false\r\n    },\r\n    {\r\n      \"type\": \"text\",\r\n      \"cont\": \"<p class=\\\"_Fliesstext\\\" style=\\\"text-align: center;\\\"><span style=\\\"font-family: Proxima-Nova-Extrabold;\\\"><a href=\\\"https:\/\/verein-guenter.at\/essbare-stadt\/projekte\/\\\" data-type=\\\"page\\\" data-id=\\\"10\\\" data-title=\\\"Projekte\\\">zur\u00fcck zu den Projekte ...<\/a><\/span><\/p>\",\r\n      \"align\": \"bottom\",\r\n      \"row\": 13,\r\n      \"col\": 0,\r\n      \"colspan\": 12,\r\n      \"offsetx\": 0,\r\n      \"offsety\": 0,\r\n      \"spaceabove\": 0,\r\n      \"spacebelow\": 0,\r\n      \"yvel\": 1,\r\n      \"push\": 0,\r\n      \"relid\": 4,\r\n      \"frameOverflow\": \"\",\r\n      \"dosync\": false\r\n    }\r\n  ]\r\n}","_links":{"self":[{"href":"https:\/\/verein-guenter.at\/essbare-stadt\/wp-json\/wp\/v2\/pages\/32","targetHints":{"allow":["GET"]}}],"collection":[{"href":"https:\/\/verein-guenter.at\/essbare-stadt\/wp-json\/wp\/v2\/pages"}],"about":[{"href":"https:\/\/verein-guenter.at\/essbare-stadt\/wp-json\/wp\/v2\/types\/page"}],"author":[{"embeddable":true,"href":"https:\/\/verein-guenter.at\/essbare-stadt\/wp-json\/wp\/v2\/users\/1"}],"replies":[{"embeddable":true,"href":"https:\/\/verein-guenter.at\/essbare-stadt\/wp-json\/wp\/v2\/comments?post=32"}],"version-history":[{"count":0,"href":"https:\/\/verein-guenter.at\/essbare-stadt\/wp-json\/wp\/v2\/pages\/32\/revisions"}],"wp:attachment":[{"href":"https:\/\/verein-guenter.at\/essbare-stadt\/wp-json\/wp\/v2\/media?parent=32"}],"curies":[{"name":"wp","href":"https:\/\/api.w.org\/{rel}","templated":true}]}}